{"version":"1.0","provider_name":"\u041eSSAW","provider_url":"https:\/\/www.ossaw.at\/de","author_name":"OSSAW Media","author_url":"https:\/\/www.ossaw.at\/de\/author\/official-ossaw\/","title":"Jesen u Be\u010du u znaku umetnosti \u02eeArt\/Must\/September\u02ee - \u041eSSAW","type":"rich","width":600,"height":338,"html":"<blockquote class=\"wp-embedded-content\" data-secret=\"E2KVVHCjQj\"><a href=\"https:\/\/www.ossaw.at\/de\/jesen-u-becu-u-znaku-umetnosti-%cb%aeartmustseptember%cb%ae\/\">Jesen u Be\u010du u znaku umetnosti \u02eeArt\/Must\/September\u02ee<\/a><\/blockquote><iframe sandbox=\"allow-scripts\" security=\"restricted\" src=\"https:\/\/www.ossaw.at\/de\/jesen-u-becu-u-znaku-umetnosti-%cb%aeartmustseptember%cb%ae\/embed\/#?secret=E2KVVHCjQj\" width=\"600\" height=\"338\" title=\"&#8222;Jesen u Be\u010du u znaku umetnosti \u02eeArt\/Must\/September\u02ee&#8220; &#8211; \u041eSSAW\" data-secret=\"E2KVVHCjQj\" frameborder=\"0\" marginwidth=\"0\" marginheight=\"0\" scrolling=\"no\" class=\"wp-embedded-content\"><\/iframe><script type=\"text\/javascript\">\n\/* <![CDATA[ *\/\n\/*! This file is auto-generated *\/\n!function(d,l){\"use strict\";l.querySelector&&d.addEventListener&&\"undefined\"!=typeof URL&&(d.wp=d.wp||{},d.wp.receiveEmbedMessage||(d.wp.receiveEmbedMessage=function(e){var t=e.data;if((t||t.secret||t.message||t.value)&&!\/[^a-zA-Z0-9]\/.test(t.secret)){for(var s,r,n,a=l.querySelectorAll('iframe[data-secret=\"'+t.secret+'\"]'),o=l.querySelectorAll('blockquote[data-secret=\"'+t.secret+'\"]'),c=new RegExp(\"^https?:$\",\"i\"),i=0;i<o.length;i++)o[i].style.display=\"none\";for(i=0;i<a.length;i++)s=a[i],e.source===s.contentWindow&&(s.removeAttribute(\"style\"),\"height\"===t.message?(1e3<(r=parseInt(t.value,10))?r=1e3:~~r<200&&(r=200),s.height=r):\"link\"===t.message&&(r=new URL(s.getAttribute(\"src\")),n=new URL(t.value),c.test(n.protocol))&&n.host===r.host&&l.activeElement===s&&(d.top.location.href=t.value))}},d.addEventListener(\"message\",d.wp.receiveEmbedMessage,!1),l.addEventListener(\"DOMContentLoaded\",function(){for(var e,t,s=l.querySelectorAll(\"iframe.wp-embedded-content\"),r=0;r<s.length;r++)(t=(e=s[r]).getAttribute(\"data-secret\"))||(t=Math.random().toString(36).substring(2,12),e.src+=\"#?secret=\"+t,e.setAttribute(\"data-secret\",t)),e.contentWindow.postMessage({message:\"ready\",secret:t},\"*\")},!1)))}(window,document);\n\/* ]]> *\/\n<\/script>\n","thumbnail_url":"https:\/\/www.ossaw.at\/wp-content\/uploads\/2015\/09\/viennacontemporary.jpg","thumbnail_width":960,"thumbnail_height":334,"description":"Jesen u Be\u010du u znaku umetnosti \u02eeArt\/Must\/September\u02ee \u00a0 Za sve ljubitelje muzeja i galerija, ova jesen u Be\u010du bi\u0107e bogata veoma zanimljivim izlo\u017ebama! Od 24. do 27. septembra, austrijska prestonica bi\u0107e pravi centar savremene umetnosti. Na novoj, uzbudljivoj lokaciji \u2013 Marx Halle \u2013 viennacontemporary posta\u0107e doga\u0111aj koji se ne sme propustiti! \u010cak 99 galerija iz [&hellip;]"}