{"id":6176,"date":"2015-06-29T00:15:04","date_gmt":"2015-06-28T21:40:02","guid":{"rendered":"http:\/\/ossaw.at\/?page_id=6176"},"modified":"2015-12-31T10:15:05","modified_gmt":"2015-12-31T09:15:05","slug":"erasmus","status":"publish","type":"page","link":"https:\/\/www.ossaw.at\/de\/erasmus\/","title":{"rendered":"Erasmus +"},"content":{"rendered":"<p><span style=\"font-family: 'Times New Roman', serif;\"><span style=\"font-size: medium;\">Willst du ein aktiver Mitglied der europ\u00e4ischen Jugend werden? <\/span><\/span><\/p>\n<p><span style=\"font-family: 'Times New Roman', serif;\"><span style=\"font-size: medium;\">Du willst etwas auf dem europ\u00e4ischen Niveau unternehmen und deine F\u00e4higkeiten und Kenntnisse in deinem Interessensfeld verbessern?<\/span><\/span><\/p>\n<p><span style=\"font-family: 'Times New Roman', serif;\"><span style=\"font-size: medium;\"> Du interessierst dich f\u00fcr Umweltschutz, Kunst, Integration, Soziologie oder etwas Anderes?<\/span><\/span><a style=\"font-family: inherit; font-size: inherit; font-weight: inherit; line-height: 1.6; background-color: white;\" name=\"_GoBack\"><\/a><\/p>\n<p><span style=\"font-family: 'Times New Roman', serif;\"><span style=\"font-size: medium;\">Falls JA, OSSAW l\u00e4dt dich ein, an internationalen Projekten teilzunehmen, deine KollegInnen aus dem Ausland kennenzulernen und deinen Beitrag zur Entwicklung der europ\u00e4ischen Gesellschaft zu leisten! <\/span><\/span><\/p>\n<p><span style=\"font-family: 'Times New Roman', serif;\"><span style=\"font-size: medium;\">Melde dich f\u00fcr die vorkommenden Projekte an und folg unsere Webseite, wo du Informationen \u00fcber unsere zuk\u00fcnftige Projekte finden kannst!<\/span><\/span><\/p>\n<p>&nbsp;<\/p>\n<ul>\n<li><strong style=\"line-height: normal;\">TC \u201d RELIGIOUS DIVERSITY AND UNDERSTANDING\u2019\u2019:\u00a0<\/strong><\/li>\n<\/ul>\n<p><strong style=\"line-height: normal;\">[wpdm_file id=35]<\/strong><\/p>\n<p>[wpdm_file id=36]<\/p>\n<p>[wpdm_file id=37]<\/p>\n<p>&nbsp;<\/p>\n<h3 style=\"padding-left: 30px;\">\u00a0<span style=\"font-family: inherit; font-size: inherit; font-weight: inherit; line-height: 1.6; color: #4f5559;\">\u00a0<\/span><\/h3>\n","protected":false},"excerpt":{"rendered":"<p>Willst du ein aktiver Mitglied der europ\u00e4ischen Jugend werden? Du willst etwas auf dem europ\u00e4ischen Niveau unternehmen und deine F\u00e4higkeiten und Kenntnisse in deinem Interessensfeld verbessern? Du interessierst dich f\u00fcr Umweltschutz, Kunst, Integration, Soziologie oder etwas Anderes? Falls JA, OSSAW l\u00e4dt dich ein, an internationalen Projekten teilzunehmen, deine KollegInnen aus dem Ausland kennenzulernen und deinen [&hellip;]<\/p>\n","protected":false},"author":25,"featured_media":0,"parent":0,"menu_order":0,"comment_status":"open","ping_status":"open","template":"","meta":{"footnotes":""},"yoast_head":"<!-- This site is optimized with the Yoast SEO plugin v23.5 - https:\/\/yoast.com\/wordpress\/plugins\/seo\/ -->\n<title>Erasmus + - \u041eSSAW<\/title>\n<meta name=\"robots\" content=\"index, follow, max-snippet:-1, max-image-preview:large, max-video-preview:-1\" \/>\n<link rel=\"canonical\" href=\"https:\/\/www.ossaw.at\/erasmus\/\" \/>\n<meta property=\"og:locale\" content=\"de_DE\" \/>\n<meta property=\"og:type\" content=\"article\" \/>\n<meta property=\"og:title\" content=\"Erasmus + - \u041eSSAW\" \/>\n<meta property=\"og:description\" content=\"Willst du ein aktiver Mitglied der europ\u00e4ischen Jugend werden? Du willst etwas auf dem europ\u00e4ischen Niveau unternehmen und deine F\u00e4higkeiten und Kenntnisse in deinem Interessensfeld verbessern? Du interessierst dich f\u00fcr Umweltschutz, Kunst, Integration, Soziologie oder etwas Anderes? Falls JA, OSSAW l\u00e4dt dich ein, an internationalen Projekten teilzunehmen, deine KollegInnen aus dem Ausland kennenzulernen und deinen [&hellip;]\" \/>\n<meta property=\"og:url\" content=\"https:\/\/www.ossaw.at\/erasmus\/\" \/>\n<meta property=\"og:site_name\" content=\"\u041eSSAW\" \/>\n<meta property=\"article:publisher\" content=\"https:\/\/www.facebook.com\/ossaw\" \/>\n<meta property=\"article:modified_time\" content=\"2015-12-31T09:15:05+00:00\" \/>\n<meta name=\"twitter:card\" content=\"summary_large_image\" \/>\n<meta name=\"twitter:label1\" content=\"Gesch\u00e4tzte Lesezeit\" \/>\n\t<meta name=\"twitter:data1\" content=\"1\u00a0Minute\" \/>\n<script type=\"application\/ld+json\" class=\"yoast-schema-graph\">{\"@context\":\"https:\/\/schema.org\",\"@graph\":[{\"@type\":\"WebPage\",\"@id\":\"https:\/\/www.ossaw.at\/erasmus\/\",\"url\":\"https:\/\/www.ossaw.at\/erasmus\/\",\"name\":\"Erasmus + - \u041eSSAW\",\"isPartOf\":{\"@id\":\"https:\/\/www.ossaw.at\/#website\"},\"datePublished\":\"2015-06-28T21:40:02+00:00\",\"dateModified\":\"2015-12-31T09:15:05+00:00\",\"breadcrumb\":{\"@id\":\"https:\/\/www.ossaw.at\/erasmus\/#breadcrumb\"},\"inLanguage\":\"de\",\"potentialAction\":[{\"@type\":\"ReadAction\",\"target\":[\"https:\/\/www.ossaw.at\/erasmus\/\"]}]},{\"@type\":\"BreadcrumbList\",\"@id\":\"https:\/\/www.ossaw.at\/erasmus\/#breadcrumb\",\"itemListElement\":[{\"@type\":\"ListItem\",\"position\":1,\"name\":\"\u041f\u043e\u0447\u0435\u0442\u043d\u0430\",\"item\":\"https:\/\/www.ossaw.at\/\"},{\"@type\":\"ListItem\",\"position\":2,\"name\":\"Erasmus +\"}]},{\"@type\":\"WebSite\",\"@id\":\"https:\/\/www.ossaw.at\/#website\",\"url\":\"https:\/\/www.ossaw.at\/\",\"name\":\"\u041eSSAW\",\"description\":\"Organisation Serbischer Studenten im Ausland - Wien\",\"publisher\":{\"@id\":\"https:\/\/www.ossaw.at\/#organization\"},\"potentialAction\":[{\"@type\":\"SearchAction\",\"target\":{\"@type\":\"EntryPoint\",\"urlTemplate\":\"https:\/\/www.ossaw.at\/?s={search_term_string}\"},\"query-input\":{\"@type\":\"PropertyValueSpecification\",\"valueRequired\":true,\"valueName\":\"search_term_string\"}}],\"inLanguage\":\"de\"},{\"@type\":\"Organization\",\"@id\":\"https:\/\/www.ossaw.at\/#organization\",\"name\":\"\u041e\u0441\u0441\u0438 - \u0411\u0435\u0447\",\"url\":\"https:\/\/www.ossaw.at\/\",\"logo\":{\"@type\":\"ImageObject\",\"inLanguage\":\"de\",\"@id\":\"https:\/\/www.ossaw.at\/#\/schema\/logo\/image\/\",\"url\":\"https:\/\/www.ossaw.at\/wp-content\/uploads\/2016\/07\/OSSAW-logo-cirilica-page-001-2.jpg\",\"contentUrl\":\"https:\/\/www.ossaw.at\/wp-content\/uploads\/2016\/07\/OSSAW-logo-cirilica-page-001-2.jpg\",\"width\":1448,\"height\":1024,\"caption\":\"\u041e\u0441\u0441\u0438 - \u0411\u0435\u0447\"},\"image\":{\"@id\":\"https:\/\/www.ossaw.at\/#\/schema\/logo\/image\/\"},\"sameAs\":[\"https:\/\/www.facebook.com\/ossaw\",\"https:\/\/www.instagram.com\/ossa_wien\/\",\"https:\/\/www.linkedin.com\/company\/organisation-of-serbian-students-abroad---vienna\"]}]}<\/script>\n<!-- \/ Yoast SEO plugin. -->","yoast_head_json":{"title":"Erasmus + - \u041eSSAW","robots":{"index":"index","follow":"follow","max-snippet":"max-snippet:-1","max-image-preview":"max-image-preview:large","max-video-preview":"max-video-preview:-1"},"canonical":"https:\/\/www.ossaw.at\/erasmus\/","og_locale":"de_DE","og_type":"article","og_title":"Erasmus + - \u041eSSAW","og_description":"Willst du ein aktiver Mitglied der europ\u00e4ischen Jugend werden? Du willst etwas auf dem europ\u00e4ischen Niveau unternehmen und deine F\u00e4higkeiten und Kenntnisse in deinem Interessensfeld verbessern? Du interessierst dich f\u00fcr Umweltschutz, Kunst, Integration, Soziologie oder etwas Anderes? Falls JA, OSSAW l\u00e4dt dich ein, an internationalen Projekten teilzunehmen, deine KollegInnen aus dem Ausland kennenzulernen und deinen [&hellip;]","og_url":"https:\/\/www.ossaw.at\/erasmus\/","og_site_name":"\u041eSSAW","article_publisher":"https:\/\/www.facebook.com\/ossaw","article_modified_time":"2015-12-31T09:15:05+00:00","twitter_card":"summary_large_image","twitter_misc":{"Gesch\u00e4tzte Lesezeit":"1\u00a0Minute"},"schema":{"@context":"https:\/\/schema.org","@graph":[{"@type":"WebPage","@id":"https:\/\/www.ossaw.at\/erasmus\/","url":"https:\/\/www.ossaw.at\/erasmus\/","name":"Erasmus + - \u041eSSAW","isPartOf":{"@id":"https:\/\/www.ossaw.at\/#website"},"datePublished":"2015-06-28T21:40:02+00:00","dateModified":"2015-12-31T09:15:05+00:00","breadcrumb":{"@id":"https:\/\/www.ossaw.at\/erasmus\/#breadcrumb"},"inLanguage":"de","potentialAction":[{"@type":"ReadAction","target":["https:\/\/www.ossaw.at\/erasmus\/"]}]},{"@type":"BreadcrumbList","@id":"https:\/\/www.ossaw.at\/erasmus\/#breadcrumb","itemListElement":[{"@type":"ListItem","position":1,"name":"\u041f\u043e\u0447\u0435\u0442\u043d\u0430","item":"https:\/\/www.ossaw.at\/"},{"@type":"ListItem","position":2,"name":"Erasmus +"}]},{"@type":"WebSite","@id":"https:\/\/www.ossaw.at\/#website","url":"https:\/\/www.ossaw.at\/","name":"\u041eSSAW","description":"Organisation Serbischer Studenten im Ausland - Wien","publisher":{"@id":"https:\/\/www.ossaw.at\/#organization"},"potentialAction":[{"@type":"SearchAction","target":{"@type":"EntryPoint","urlTemplate":"https:\/\/www.ossaw.at\/?s={search_term_string}"},"query-input":{"@type":"PropertyValueSpecification","valueRequired":true,"valueName":"search_term_string"}}],"inLanguage":"de"},{"@type":"Organization","@id":"https:\/\/www.ossaw.at\/#organization","name":"\u041e\u0441\u0441\u0438 - \u0411\u0435\u0447","url":"https:\/\/www.ossaw.at\/","logo":{"@type":"ImageObject","inLanguage":"de","@id":"https:\/\/www.ossaw.at\/#\/schema\/logo\/image\/","url":"https:\/\/www.ossaw.at\/wp-content\/uploads\/2016\/07\/OSSAW-logo-cirilica-page-001-2.jpg","contentUrl":"https:\/\/www.ossaw.at\/wp-content\/uploads\/2016\/07\/OSSAW-logo-cirilica-page-001-2.jpg","width":1448,"height":1024,"caption":"\u041e\u0441\u0441\u0438 - \u0411\u0435\u0447"},"image":{"@id":"https:\/\/www.ossaw.at\/#\/schema\/logo\/image\/"},"sameAs":["https:\/\/www.facebook.com\/ossaw","https:\/\/www.instagram.com\/ossa_wien\/","https:\/\/www.linkedin.com\/company\/organisation-of-serbian-students-abroad---vienna"]}]}},"_links":{"self":[{"href":"https:\/\/www.ossaw.at\/de\/wp-json\/wp\/v2\/pages\/6176"}],"collection":[{"href":"https:\/\/www.ossaw.at\/de\/wp-json\/wp\/v2\/pages"}],"about":[{"href":"https:\/\/www.ossaw.at\/de\/wp-json\/wp\/v2\/types\/page"}],"author":[{"embeddable":true,"href":"https:\/\/www.ossaw.at\/de\/wp-json\/wp\/v2\/users\/25"}],"replies":[{"embeddable":true,"href":"https:\/\/www.ossaw.at\/de\/wp-json\/wp\/v2\/comments?post=6176"}],"version-history":[{"count":0,"href":"https:\/\/www.ossaw.at\/de\/wp-json\/wp\/v2\/pages\/6176\/revisions"}],"wp:attachment":[{"href":"https:\/\/www.ossaw.at\/de\/wp-json\/wp\/v2\/media?parent=6176"}],"curies":[{"name":"wp","href":"https:\/\/api.w.org\/{rel}","templated":true}]}}